{"id":1325,"date":"2022-05-23T08:42:27","date_gmt":"2022-05-23T08:42:27","guid":{"rendered":"https:\/\/dalia.creative-solutions.ro\/kertesz-leszek\/"},"modified":"2024-03-01T14:07:48","modified_gmt":"2024-03-01T14:07:48","slug":"gradinar-voi-fi","status":"publish","type":"page","link":"https:\/\/dalia.ro\/ro\/gradinar-voi-fi\/","title":{"rendered":"Gr\u0103dinar voi fi"},"content":{"rendered":"<p>[vc_section full_width=&#8221;stretch_row&#8221; el_class=&#8221;home-about-row&#8221;][vc_row equal_height=&#8221;yes&#8221; content_placement=&#8221;middle&#8221;][vc_column width=&#8221;1\/4&#8243;][vc_single_image image=&#8221;918&#8243; img_size=&#8221;full&#8221; alignment=&#8221;center&#8221;][\/vc_column][vc_column width=&#8221;3\/4&#8243;][vc_custom_heading text=&#8221;Gr\u0103dinar voi fi!&#8221; font_container=&#8221;tag:h1|text_align:left&#8221; use_theme_fonts=&#8221;yes&#8221; el_class=&#8221;underline&#8221;][vc_column_text]Dorim s\u0103 le oferim copiilor o experien\u021b\u0103 unic\u0103 cu ajutorul programului nostru \u201eGr\u0103dinar voi fi!\u201d destinat elevilor din clasele primare. Ei vor avea ocazia s\u0103 cunoasc\u0103 aceast\u0103 meserie \u00een cea mai mare horticultur\u0103 de plante ornamentale din Rom\u00e2nia, respectiv s\u0103 urm\u0103reasc\u0103 \u0219i s\u0103 \u00eencerce plantarea \u0219i irigarea mecanic\u0103. Vom organiza un tur al centrului de gr\u0103din\u0103rit pentru grupurile de elevi, unde vor putea vedea diferitele culturi \u0219i vor putea urm\u0103ri procesul de lucru. Elevii pot vedea \u0219i experimenta etapele de dezvoltare ale unei plante, de la plantare p\u00e2n\u0103 la \u00eenflorire, dincolo de ceea ce \u00eenva\u021b\u0103 dintr-un manual.[\/vc_column_text][\/vc_column][\/vc_row][vc_row gap=&#8221;35&#8243; el_class=&#8221;rotated-img-row&#8221;][vc_column width=&#8221;1\/4&#8243; offset=&#8221;vc_col-xs-6&#8243;][vc_single_image image=&#8221;924&#8243; img_size=&#8221;full&#8221; alignment=&#8221;center&#8221; css_animation=&#8221;none&#8221; lazy_loading=&#8221;true&#8221; el_class=&#8221;rotate-left&#8221;][\/vc_column][vc_column width=&#8221;1\/4&#8243; offset=&#8221;vc_col-xs-6&#8243;][vc_single_image image=&#8221;922&#8243; img_size=&#8221;full&#8221; alignment=&#8221;center&#8221; css_animation=&#8221;none&#8221; lazy_loading=&#8221;true&#8221; el_class=&#8221;rotate-right&#8221;][\/vc_column][vc_column width=&#8221;1\/4&#8243; offset=&#8221;vc_col-xs-6&#8243;][vc_single_image image=&#8221;923&#8243; img_size=&#8221;full&#8221; alignment=&#8221;center&#8221; css_animation=&#8221;none&#8221; lazy_loading=&#8221;true&#8221; el_class=&#8221;rotate-left&#8221;][\/vc_column][vc_column width=&#8221;1\/4&#8243; offset=&#8221;vc_col-xs-6&#8243;][vc_single_image image=&#8221;921&#8243; img_size=&#8221;full&#8221; alignment=&#8221;center&#8221; css_animation=&#8221;none&#8221; lazy_loading=&#8221;true&#8221; el_class=&#8221;rotate-right&#8221;][\/vc_column][\/vc_row][vc_row][vc_column][vc_column_text]Echipa noastr\u0103 va fi bucuroas\u0103 s\u0103 r\u0103spund\u0103 la orice \u00eentrebare din partea copiilor \u0219i a profesorului care \u00eei \u00eenso\u021be\u0219te. <strong>Dup\u0103 ce vor \u00eencerca plantarea, copiii vor primi \u00een dar micile plante, pe care le vor putea \u00eengriji apoi acas\u0103<\/strong>, ceea ce le va consolida dragostea pentru plante, abilit\u0103\u021bile de \u00eengrijire \u0219i sim\u021bul estetic.<\/p>\n<p>Scopul programului educa\u021bional bazat pe experien\u021be <em>Gr\u0103dinar voi fi!<\/em> este de a-i aduce pe copii mai aproape de gr\u0103din\u0103rit \u0219i de a-i face s\u0103 iubeasc\u0103 s\u0103 lucreze cu plantele, prin prezentarea centrului nostru de gr\u0103din\u0103rit \u0219i a diferitelor variet\u0103\u021bi de plante ornamentale colorate pe care le cultiv\u0103m.<\/p>\n<p><strong>Cont\u0103m pe colaborarea \u0219colilor din Sf\u00e2ntu Gheorghe \u0219i a\u0219tept\u0103m cu ner\u0103bdare \u00eenscrieri din partea grupurilor de elevi \u0219i din institu\u021bia Dumneavoastr\u0103! <\/strong><\/p>\n<p>Pentru a stabili o programare, v\u0103 rug\u0103m s\u0103 suna\u021bi la urm\u0103torul num\u0103r de telefon: 0722 466 543[\/vc_column_text][\/vc_column][\/vc_row][\/vc_section][vc_section][vc_row full_width=&#8221;stretch_row_content_no_spaces&#8221; el_class=&#8221;homebgsection rightbg&#8221;][vc_column][\/vc_column][\/vc_row][vc_row][vc_column el_class=&#8221;greenboxtitleblock left&#8221;][vc_custom_heading text=&#8221;Despre centrul de gr\u0103din\u0103rit&#8221; font_container=&#8221;tag:h2|text_align:center&#8221; use_theme_fonts=&#8221;yes&#8221; css_animation=&#8221;none&#8221;][\/vc_column][\/vc_row][vc_row full_width=&#8221;stretch_row&#8221; gap=&#8221;35&#8243; equal_height=&#8221;yes&#8221; content_placement=&#8221;top&#8221;][vc_column width=&#8221;1\/3&#8243; el_class=&#8221;col-right&#8221;][vc_single_image image=&#8221;911&#8243; img_size=&#8221;full&#8221; alignment=&#8221;right&#8221; style=&#8221;vc_box_rounded&#8221; css_animation=&#8221;none&#8221; lazy_loading=&#8221;true&#8221; el_class=&#8221;greenbox rightbox&#8221;][\/vc_column][vc_column width=&#8221;2\/3&#8243; el_class=&#8221;col-left&#8221;][vc_column_text]Centrul de gr\u0103din\u0103rit D\u00e1lia din jude\u021bul Covasna a fost \u00eenfiin\u021bat \u00een 1993 \u00een Valea Cri\u0219ului, \u0219i a ajuns s\u0103 devin\u0103 cea mai mare horticultur\u0103 de plante ornamentale din Rom\u00e2nia. \u00cen prezent, cultiv\u0103m peste 3 milioane de plante pe an pe 2,5 hectare de teren acoperit \u0219i \u00eenc\u0103lzit \u0219i 5 hectare de teren deschis. Deservim \u00een principal lan\u021buri de hipermarketuri, \u00eens\u0103 printre partenerii no\u0219tri se num\u0103r\u0103 \u0219i retaileri \u0219i flor\u0103rii. \u00cen magazinul nostru de prezentare comercializ\u0103m \u0219i alte plante \u0219i accesorii, pe l\u00e2ng\u0103 produsele noastre. Producem flori cultivate \u0219i livrate la termen, \u00een stare bun\u0103, s\u0103n\u0103toase \u0219i estetice, care sunt u\u0219or de v\u00e2ndut \u0219i, prin urmare, genereaz\u0103 un profit bun pentru partenerii no\u0219tri \u0219i \u00eei \u00eenc\u00e2nt\u0103 pe clien\u021bi. Avem peste optzeci de angaja\u021bi.<\/p>\n<p>Misiunea noastr\u0103: s\u0103 contribuim la crearea unui mediu estetic \u0219i la \u00eembun\u0103t\u0103\u021birea calit\u0103\u021bii vie\u021bii popula\u021biei din Rom\u00e2nia cu ajutorul unor flori frumoase.<\/p>\n<p>Obiectivul nostru: s\u0103 contribuim la succesul partenerilor no\u0219tri retaileri prin furnizarea de flori care sunt u\u0219or de v\u00e2ndut, \u00een stare bun\u0103 \u0219i cu un nivel de marj\u0103 adecvat.[\/vc_column_text][\/vc_column][\/vc_row][vc_row full_width=&#8221;stretch_row_content_no_spaces&#8221; el_class=&#8221;homebgsection leftbg&#8221;][vc_column][\/vc_column][\/vc_row][\/vc_section]<\/p>\n","protected":false},"excerpt":{"rendered":"<p>[vc_section full_width=&#8221;stretch_row&#8221; el_class=&#8221;home-about-row&#8221;][vc_row equal_height=&#8221;yes&#8221; content_placement=&#8221;middle&#8221;][vc_column width=&#8221;1\/4&#8243;][vc_single_image image=&#8221;918&#8243; img_size=&#8221;full&#8221; alignment=&#8221;center&#8221;][\/vc_column][vc_column width=&#8221;3\/4&#8243;][vc_custom_heading text=&#8221;Gr\u0103dinar voi fi!&#8221; font_container=&#8221;tag:h1|text_align:left&#8221; use_theme_fonts=&#8221;yes&#8221; el_class=&#8221;underline&#8221;][vc_column_text]Dorim s\u0103 le oferim copiilor o experien\u021b\u0103 unic\u0103 cu ajutorul programului nostru \u201eGr\u0103dinar voi fi!\u201d destinat elevilor din clasele primare. Ei vor avea ocazia s\u0103 cunoasc\u0103 aceast\u0103 meserie \u00een cea mai mare horticultur\u0103 de plante ornamentale din Rom\u00e2nia, respectiv s\u0103&hellip;<\/p>\n","protected":false},"author":1,"featured_media":0,"parent":0,"menu_order":0,"comment_status":"closed","ping_status":"closed","template":"","meta":{"footnotes":""},"class_list":["post-1325","page","type-page","status-publish","hentry","description-off"],"acf":[],"yoast_head":"<!-- This site is optimized with the Yoast SEO plugin v19.10 - https:\/\/yoast.com\/wordpress\/plugins\/seo\/ -->\n<title>Gr\u0103dinar voi fi - D\u00e1lia<\/title>\n<meta name=\"robots\" content=\"index, follow, max-snippet:-1, max-image-preview:large, max-video-preview:-1\" \/>\n<link rel=\"canonical\" href=\"https:\/\/dalia.ro\/ro\/gradinar-voi-fi\/\" \/>\n<meta property=\"og:locale\" content=\"ro_RO\" \/>\n<meta property=\"og:type\" content=\"article\" \/>\n<meta property=\"og:title\" content=\"Gr\u0103dinar voi fi - D\u00e1lia\" \/>\n<meta property=\"og:description\" content=\"[vc_section full_width=&#8221;stretch_row&#8221; el_class=&#8221;home-about-row&#8221;][vc_row equal_height=&#8221;yes&#8221; content_placement=&#8221;middle&#8221;][vc_column width=&#8221;1\/4&#8243;][vc_single_image image=&#8221;918&#8243; img_size=&#8221;full&#8221; alignment=&#8221;center&#8221;][\/vc_column][vc_column width=&#8221;3\/4&#8243;][vc_custom_heading text=&#8221;Gr\u0103dinar voi fi!&#8221; font_container=&#8221;tag:h1|text_align:left&#8221; use_theme_fonts=&#8221;yes&#8221; el_class=&#8221;underline&#8221;][vc_column_text]Dorim s\u0103 le oferim copiilor o experien\u021b\u0103 unic\u0103 cu ajutorul programului nostru \u201eGr\u0103dinar voi fi!\u201d destinat elevilor din clasele primare. Ei vor avea ocazia s\u0103 cunoasc\u0103 aceast\u0103 meserie \u00een cea mai mare horticultur\u0103 de plante ornamentale din Rom\u00e2nia, respectiv s\u0103&hellip;\" \/>\n<meta property=\"og:url\" content=\"https:\/\/dalia.ro\/ro\/gradinar-voi-fi\/\" \/>\n<meta property=\"og:site_name\" content=\"D\u00e1lia\" \/>\n<meta property=\"article:publisher\" content=\"https:\/\/www.facebook.com\/daliaprod\" \/>\n<meta property=\"article:modified_time\" content=\"2024-03-01T14:07:48+00:00\" \/>\n<meta property=\"og:image\" content=\"https:\/\/dalia.ro\/wp-content\/uploads\/2022\/11\/social-prew-1.jpg\" \/>\n\t<meta property=\"og:image:width\" content=\"1000\" \/>\n\t<meta property=\"og:image:height\" content=\"667\" \/>\n\t<meta property=\"og:image:type\" content=\"image\/jpeg\" \/>\n<meta name=\"twitter:card\" content=\"summary_large_image\" \/>\n<meta name=\"twitter:label1\" content=\"Timp estimat pentru citire\" \/>\n\t<meta name=\"twitter:data1\" content=\"3 minute\" \/>\n<script type=\"application\/ld+json\" class=\"yoast-schema-graph\">{\"@context\":\"https:\/\/schema.org\",\"@graph\":[{\"@type\":\"WebPage\",\"@id\":\"https:\/\/dalia.ro\/ro\/gradinar-voi-fi\/\",\"url\":\"https:\/\/dalia.ro\/ro\/gradinar-voi-fi\/\",\"name\":\"Gr\u0103dinar voi fi - D\u00e1lia\",\"isPartOf\":{\"@id\":\"https:\/\/dalia.ro\/#website\"},\"datePublished\":\"2022-05-23T08:42:27+00:00\",\"dateModified\":\"2024-03-01T14:07:48+00:00\",\"breadcrumb\":{\"@id\":\"https:\/\/dalia.ro\/ro\/gradinar-voi-fi\/#breadcrumb\"},\"inLanguage\":\"ro-RO\",\"potentialAction\":[{\"@type\":\"ReadAction\",\"target\":[\"https:\/\/dalia.ro\/ro\/gradinar-voi-fi\/\"]}]},{\"@type\":\"BreadcrumbList\",\"@id\":\"https:\/\/dalia.ro\/ro\/gradinar-voi-fi\/#breadcrumb\",\"itemListElement\":[{\"@type\":\"ListItem\",\"position\":1,\"name\":\"Home\",\"item\":\"https:\/\/dalia.ro\/ro\/\"},{\"@type\":\"ListItem\",\"position\":2,\"name\":\"Gr\u0103dinar voi fi\"}]},{\"@type\":\"WebSite\",\"@id\":\"https:\/\/dalia.ro\/#website\",\"url\":\"https:\/\/dalia.ro\/\",\"name\":\"D\u00e1lia\",\"description\":\"Flori pentru suflet\",\"publisher\":{\"@id\":\"https:\/\/dalia.ro\/#organization\"},\"potentialAction\":[{\"@type\":\"SearchAction\",\"target\":{\"@type\":\"EntryPoint\",\"urlTemplate\":\"https:\/\/dalia.ro\/?s={search_term_string}\"},\"query-input\":\"required name=search_term_string\"}],\"inLanguage\":\"ro-RO\"},{\"@type\":\"Organization\",\"@id\":\"https:\/\/dalia.ro\/#organization\",\"name\":\"D\u00e1lia\",\"url\":\"https:\/\/dalia.ro\/\",\"logo\":{\"@type\":\"ImageObject\",\"inLanguage\":\"ro-RO\",\"@id\":\"https:\/\/dalia.ro\/#\/schema\/logo\/image\/\",\"url\":\"https:\/\/dalia.ro\/wp-content\/uploads\/2022\/04\/dalia-logo-160.png\",\"contentUrl\":\"https:\/\/dalia.ro\/wp-content\/uploads\/2022\/04\/dalia-logo-160.png\",\"width\":191,\"height\":160,\"caption\":\"D\u00e1lia\"},\"image\":{\"@id\":\"https:\/\/dalia.ro\/#\/schema\/logo\/image\/\"},\"sameAs\":[\"https:\/\/www.instagram.com\/dalia_dreamgarden\",\"https:\/\/www.facebook.com\/daliaprod\"]}]}<\/script>\n<!-- \/ Yoast SEO plugin. -->","yoast_head_json":{"title":"Gr\u0103dinar voi fi - D\u00e1lia","robots":{"index":"index","follow":"follow","max-snippet":"max-snippet:-1","max-image-preview":"max-image-preview:large","max-video-preview":"max-video-preview:-1"},"canonical":"https:\/\/dalia.ro\/ro\/gradinar-voi-fi\/","og_locale":"ro_RO","og_type":"article","og_title":"Gr\u0103dinar voi fi - D\u00e1lia","og_description":"[vc_section full_width=&#8221;stretch_row&#8221; el_class=&#8221;home-about-row&#8221;][vc_row equal_height=&#8221;yes&#8221; content_placement=&#8221;middle&#8221;][vc_column width=&#8221;1\/4&#8243;][vc_single_image image=&#8221;918&#8243; img_size=&#8221;full&#8221; alignment=&#8221;center&#8221;][\/vc_column][vc_column width=&#8221;3\/4&#8243;][vc_custom_heading text=&#8221;Gr\u0103dinar voi fi!&#8221; font_container=&#8221;tag:h1|text_align:left&#8221; use_theme_fonts=&#8221;yes&#8221; el_class=&#8221;underline&#8221;][vc_column_text]Dorim s\u0103 le oferim copiilor o experien\u021b\u0103 unic\u0103 cu ajutorul programului nostru \u201eGr\u0103dinar voi fi!\u201d destinat elevilor din clasele primare. Ei vor avea ocazia s\u0103 cunoasc\u0103 aceast\u0103 meserie \u00een cea mai mare horticultur\u0103 de plante ornamentale din Rom\u00e2nia, respectiv s\u0103&hellip;","og_url":"https:\/\/dalia.ro\/ro\/gradinar-voi-fi\/","og_site_name":"D\u00e1lia","article_publisher":"https:\/\/www.facebook.com\/daliaprod","article_modified_time":"2024-03-01T14:07:48+00:00","og_image":[{"width":1000,"height":667,"url":"https:\/\/dalia.ro\/wp-content\/uploads\/2022\/11\/social-prew-1.jpg","type":"image\/jpeg"}],"twitter_card":"summary_large_image","twitter_misc":{"Timp estimat pentru citire":"3 minute"},"schema":{"@context":"https:\/\/schema.org","@graph":[{"@type":"WebPage","@id":"https:\/\/dalia.ro\/ro\/gradinar-voi-fi\/","url":"https:\/\/dalia.ro\/ro\/gradinar-voi-fi\/","name":"Gr\u0103dinar voi fi - D\u00e1lia","isPartOf":{"@id":"https:\/\/dalia.ro\/#website"},"datePublished":"2022-05-23T08:42:27+00:00","dateModified":"2024-03-01T14:07:48+00:00","breadcrumb":{"@id":"https:\/\/dalia.ro\/ro\/gradinar-voi-fi\/#breadcrumb"},"inLanguage":"ro-RO","potentialAction":[{"@type":"ReadAction","target":["https:\/\/dalia.ro\/ro\/gradinar-voi-fi\/"]}]},{"@type":"BreadcrumbList","@id":"https:\/\/dalia.ro\/ro\/gradinar-voi-fi\/#breadcrumb","itemListElement":[{"@type":"ListItem","position":1,"name":"Home","item":"https:\/\/dalia.ro\/ro\/"},{"@type":"ListItem","position":2,"name":"Gr\u0103dinar voi fi"}]},{"@type":"WebSite","@id":"https:\/\/dalia.ro\/#website","url":"https:\/\/dalia.ro\/","name":"D\u00e1lia","description":"Flori pentru suflet","publisher":{"@id":"https:\/\/dalia.ro\/#organization"},"potentialAction":[{"@type":"SearchAction","target":{"@type":"EntryPoint","urlTemplate":"https:\/\/dalia.ro\/?s={search_term_string}"},"query-input":"required name=search_term_string"}],"inLanguage":"ro-RO"},{"@type":"Organization","@id":"https:\/\/dalia.ro\/#organization","name":"D\u00e1lia","url":"https:\/\/dalia.ro\/","logo":{"@type":"ImageObject","inLanguage":"ro-RO","@id":"https:\/\/dalia.ro\/#\/schema\/logo\/image\/","url":"https:\/\/dalia.ro\/wp-content\/uploads\/2022\/04\/dalia-logo-160.png","contentUrl":"https:\/\/dalia.ro\/wp-content\/uploads\/2022\/04\/dalia-logo-160.png","width":191,"height":160,"caption":"D\u00e1lia"},"image":{"@id":"https:\/\/dalia.ro\/#\/schema\/logo\/image\/"},"sameAs":["https:\/\/www.instagram.com\/dalia_dreamgarden","https:\/\/www.facebook.com\/daliaprod"]}]}},"_links":{"self":[{"href":"https:\/\/dalia.ro\/ro\/wp-json\/wp\/v2\/pages\/1325","targetHints":{"allow":["GET"]}}],"collection":[{"href":"https:\/\/dalia.ro\/ro\/wp-json\/wp\/v2\/pages"}],"about":[{"href":"https:\/\/dalia.ro\/ro\/wp-json\/wp\/v2\/types\/page"}],"author":[{"embeddable":true,"href":"https:\/\/dalia.ro\/ro\/wp-json\/wp\/v2\/users\/1"}],"replies":[{"embeddable":true,"href":"https:\/\/dalia.ro\/ro\/wp-json\/wp\/v2\/comments?post=1325"}],"version-history":[{"count":7,"href":"https:\/\/dalia.ro\/ro\/wp-json\/wp\/v2\/pages\/1325\/revisions"}],"predecessor-version":[{"id":5442,"href":"https:\/\/dalia.ro\/ro\/wp-json\/wp\/v2\/pages\/1325\/revisions\/5442"}],"wp:attachment":[{"href":"https:\/\/dalia.ro\/ro\/wp-json\/wp\/v2\/media?parent=1325"}],"curies":[{"name":"wp","href":"https:\/\/api.w.org\/{rel}","templated":true}]}}